{"id":8152,"date":"2023-11-13T17:52:23","date_gmt":"2023-11-13T16:52:23","guid":{"rendered":"https:\/\/pladelscatalans.com\/?page_id=8152"},"modified":"2023-11-13T17:57:00","modified_gmt":"2023-11-13T16:57:00","slug":"sopars-dempresa","status":"publish","type":"page","link":"https:\/\/pladelscatalans.com\/es\/eventos\/sopars-dempresa\/","title":{"rendered":"Sopars d&#8217;Empresa"},"content":{"rendered":"[vc_section][vc_row][vc_column][vc_custom_heading source=\u00bbpost_title\u00bb][vc_column_text]Si vols gaudir del millor sopar d&#8217;Empresa de la prov\u00edncia de Tarragona, no dubtis en venir al Restaurant Masia Pla dels Catalans!<\/p>\n<p>&nbsp;<\/p>\n<p>Truca al 977450003 o envia un correu a <a href=\"mailto:info@pladelscatalans.com\">info@pladelscatalans.com<\/a> i fes la teva reserva![\/vc_column_text][\/vc_column][vc_column][\/vc_column][\/vc_row][\/vc_section][vc_row css=\u00bb.vc_custom_1539188422392{margin-top: 5% !important;}\u00bb][vc_column]<h2 class=\"calluna-heading calluna-heading-single-line text-align-center \" ><span>La Festa dels Sopars d&#039;Empresa<\/span><\/h2>[\/vc_column][\/vc_row][vc_row full_width=\u00bbstretch_row_content_no_spaces\u00bb el_class=\u00bbrow-eq-height\u00bb][vc_column width=\u00bb1\/2&#8243; css=\u00bb.vc_custom_1612782917239{margin-bottom: -90px !important;padding-top: 8% !important;padding-right: 8% !important;padding-left: 10% !important;background-color: #d8d8d8 !important;}\u00bb][vc_empty_space height=\u00bb90px\u00bb][vc_column_text]<strong>QUAN PUC RESERVAR?<\/strong><\/p>\n<ul>\n<li>15, 16 i 22 de desembre<\/li>\n<\/ul>\n<p><strong>LA FESTA<\/strong><\/p>\n<ul>\n<li><strong>AMB EL PREU DEL MEN\u00da TENS ACC\u00c8S A LA FESTA DELS SOPARS D&#8217;EMPRESA DE M\u00cdTICS<\/strong><\/li>\n<li><strong style=\"text-align: center;\">CAL RESERVA PR\u00c8VIA.<\/strong><\/li>\n<\/ul>\n[\/vc_column_text][vc_empty_space]<a href=\"mailto:info@pladelscatalans.com\" class=\"calluna-button btn btn-primary medium style-1   aligninline\" target=\"_self\" title=\"RESERVA ARA PER E-MAIL\" rel=\"\"><span class=\"calluna-button-inner\">RESERVA ARA PER E-MAIL<\/span><\/a>[vc_empty_space]<a href=\"tel: +34977450003\" class=\"calluna-button btn btn-primary medium style-1   aligninline\" target=\"_self\" title=\"RESERVA ARA PER TEL\u00c8FON\" rel=\"\"><span class=\"calluna-button-inner\">RESERVA ARA PER TEL\u00c8FON<\/span><\/a>[vc_empty_space height=\u00bb175&#8243;][\/vc_column][vc_column width=\u00bb1\/2&#8243; css=\u00bb.vc_custom_1581707099359{margin-top: -30px !important;}\u00bb][vc_single_image image=\u00bb8148&#8243; img_size=\u00bbfull\u00bb][\/vc_column][\/vc_row][vc_row css=\u00bb.vc_custom_1582545024872{margin-top: 5% !important;margin-bottom: 5% !important;}\u00bb][vc_column]<h2 class=\"calluna-heading calluna-heading-single-line text-align-center \" ><span>Instal\u00b7lacions &amp; Serveis<\/span><\/h2>[vc_column_text]\n<div class=\"vc_row wpb_row vc_inner vc_row-fluid\">\n<div class=\"wpb_column vc_column_container vc_col-sm-12\">\n<div class=\"vc_column-inner vc_custom_1453995134632\">\n<div class=\"wpb_wrapper\">\n<div class=\"wpb_text_column wpb_content_element \">\n<div class=\"wpb_wrapper\">\n<p style=\"text-align: center;\">Situat en una \u00e0mplia finca, transformada gradualment en un gran complex, el Pla dels Catalans \u00e9s un dels m\u00e9s caracter\u00edstics conjunts gastron\u00f2mics i l\u00fadics de les Terres de l\u2019Ebre. Hereu de l\u2019her\u00e8ncia gastron\u00f2mica de l\u2019Hotel Can Quimet de l\u2019Aldea disposa de tres salons amb diferents capacitats, piscina, camp de futbol, k\u00e0rting, pla\u00e7a de bous, granja d\u2019animals, bassa i barraca t\u00edpics del Delta de l\u2019Ebre,..<\/p>\n<\/div>\n<\/div>\n<\/div>\n<\/div>\n<\/div>\n<\/div>\n[\/vc_column_text][\/vc_column][\/vc_row]\n","protected":false},"excerpt":{"rendered":"<p>[vc_section][vc_row][vc_column][vc_custom_heading source=\u00bbpost_title\u00bb][vc_column_text]Si vols gaudir del millor sopar d&#8217;Empresa de la prov\u00edncia de Tarragona, no dubtis en venir al Restaurant Masia Pla dels Catalans! &nbsp; Truca al 977450003 o envia un correu a info@pladelscatalans.com i fes la teva reserva![\/vc_column_text][\/vc_column][vc_column][\/vc_column][\/vc_row][\/vc_section][vc_row css=\u00bb.vc_custom_1539188422392{margin-top: 5% !important;}\u00bb][vc_column][\/vc_column][\/vc_row][vc_row full_width=\u00bbstretch_row_content_no_spaces\u00bb el_class=\u00bbrow-eq-height\u00bb][vc_column width=\u00bb1\/2&#8243; css=\u00bb.vc_custom_1612782917239{margin-bottom: -90px !important;padding-top: 8% !important;padding-right: 8% !important;padding-left: 10% !important;background-color: #d8d8d8 !important;}\u00bb][vc_empty_space [&hellip;]<\/p>\n","protected":false},"author":1,"featured_media":8436,"parent":2865,"menu_order":0,"comment_status":"closed","ping_status":"closed","template":"","meta":{"footnotes":""},"class_list":["post-8152","page","type-page","status-publish","has-post-thumbnail","hentry"],"yoast_head":"<!-- This site is optimized with the Yoast SEO plugin v26.1.1 - https:\/\/yoast.com\/wordpress\/plugins\/seo\/ -->\n<title>Cal\u00e7otades - Restaurant Masia Pla dels Catalans<\/title>\n<meta name=\"description\" content=\"Les teves cal\u00e7otades al Restaurant Masia Pla dels Catalans. Les millors cal\u00e7otades del Baix Ebre les trobar\u00e0s a casa nostra.\" \/>\n<meta name=\"robots\" content=\"index, follow, max-snippet:-1, max-image-preview:large, max-video-preview:-1\" \/>\n<link rel=\"canonical\" href=\"https:\/\/pladelscatalans.com\/es\/eventos\/sopars-dempresa\/\" \/>\n<meta property=\"og:locale\" content=\"es_ES\" \/>\n<meta property=\"og:type\" content=\"article\" \/>\n<meta property=\"og:title\" content=\"Cal\u00e7otades - Restaurant Masia Pla dels Catalans\" \/>\n<meta property=\"og:description\" content=\"Les teves cal\u00e7otades al Restaurant Masia Pla dels Catalans. Les millors cal\u00e7otades del Baix Ebre les trobar\u00e0s a casa nostra.\" \/>\n<meta property=\"og:url\" content=\"https:\/\/pladelscatalans.com\/es\/eventos\/sopars-dempresa\/\" \/>\n<meta property=\"og:site_name\" content=\"Pla dels Catalans\" \/>\n<meta property=\"article:modified_time\" content=\"2023-11-13T16:57:00+00:00\" \/>\n<meta property=\"og:image\" content=\"https:\/\/pladelscatalans.com\/wp-content\/uploads\/2023\/11\/empresa1-scaled.jpg\" \/>\n\t<meta property=\"og:image:width\" content=\"1810\" \/>\n\t<meta property=\"og:image:height\" content=\"2560\" \/>\n\t<meta property=\"og:image:type\" content=\"image\/jpeg\" \/>\n<meta name=\"twitter:card\" content=\"summary_large_image\" \/>\n<meta name=\"twitter:label1\" content=\"Tiempo de lectura\" \/>\n\t<meta name=\"twitter:data1\" content=\"2 minutos\" \/>\n<script type=\"application\/ld+json\" class=\"yoast-schema-graph\">{\"@context\":\"https:\/\/schema.org\",\"@graph\":[{\"@type\":\"WebPage\",\"@id\":\"https:\/\/pladelscatalans.com\/es\/eventos\/sopars-dempresa\/\",\"url\":\"https:\/\/pladelscatalans.com\/es\/eventos\/sopars-dempresa\/\",\"name\":\"Cal\u00e7otades - Restaurant Masia Pla dels Catalans\",\"isPartOf\":{\"@id\":\"https:\/\/pladelscatalans.com\/es\/#website\"},\"primaryImageOfPage\":{\"@id\":\"https:\/\/pladelscatalans.com\/es\/eventos\/sopars-dempresa\/#primaryimage\"},\"image\":{\"@id\":\"https:\/\/pladelscatalans.com\/es\/eventos\/sopars-dempresa\/#primaryimage\"},\"thumbnailUrl\":\"https:\/\/pladelscatalans.com\/wp-content\/uploads\/2024\/09\/soparsempresa20204.png\",\"datePublished\":\"2023-11-13T16:52:23+00:00\",\"dateModified\":\"2023-11-13T16:57:00+00:00\",\"description\":\"Les teves cal\u00e7otades al Restaurant Masia Pla dels Catalans. Les millors cal\u00e7otades del Baix Ebre les trobar\u00e0s a casa nostra.\",\"breadcrumb\":{\"@id\":\"https:\/\/pladelscatalans.com\/es\/eventos\/sopars-dempresa\/#breadcrumb\"},\"inLanguage\":\"es\",\"potentialAction\":[{\"@type\":\"ReadAction\",\"target\":[\"https:\/\/pladelscatalans.com\/es\/eventos\/sopars-dempresa\/\"]}]},{\"@type\":\"ImageObject\",\"inLanguage\":\"es\",\"@id\":\"https:\/\/pladelscatalans.com\/es\/eventos\/sopars-dempresa\/#primaryimage\",\"url\":\"https:\/\/pladelscatalans.com\/wp-content\/uploads\/2024\/09\/soparsempresa20204.png\",\"contentUrl\":\"https:\/\/pladelscatalans.com\/wp-content\/uploads\/2024\/09\/soparsempresa20204.png\",\"width\":1080,\"height\":1350},{\"@type\":\"BreadcrumbList\",\"@id\":\"https:\/\/pladelscatalans.com\/es\/eventos\/sopars-dempresa\/#breadcrumb\",\"itemListElement\":[{\"@type\":\"ListItem\",\"position\":1,\"name\":\"Inici\",\"item\":\"https:\/\/pladelscatalans.com\/es\/\"},{\"@type\":\"ListItem\",\"position\":2,\"name\":\"Eventos\",\"item\":\"https:\/\/pladelscatalans.com\/es\/eventos\/\"},{\"@type\":\"ListItem\",\"position\":3,\"name\":\"Sopars d&#8217;Empresa\"}]},{\"@type\":\"WebSite\",\"@id\":\"https:\/\/pladelscatalans.com\/es\/#website\",\"url\":\"https:\/\/pladelscatalans.com\/es\/\",\"name\":\"Pla dels Catalans\",\"description\":\"Escenari singular per a celebracions singulars. Bodes, banquets, convencions i festes.\",\"publisher\":{\"@id\":\"https:\/\/pladelscatalans.com\/es\/#\/schema\/person\/9614a393b04d64415b7cfb071c9e23dd\"},\"potentialAction\":[{\"@type\":\"SearchAction\",\"target\":{\"@type\":\"EntryPoint\",\"urlTemplate\":\"https:\/\/pladelscatalans.com\/es\/?s={search_term_string}\"},\"query-input\":{\"@type\":\"PropertyValueSpecification\",\"valueRequired\":true,\"valueName\":\"search_term_string\"}}],\"inLanguage\":\"es\"},{\"@type\":[\"Person\",\"Organization\"],\"@id\":\"https:\/\/pladelscatalans.com\/es\/#\/schema\/person\/9614a393b04d64415b7cfb071c9e23dd\",\"name\":\"Pla dels Catalans\",\"logo\":{\"@id\":\"https:\/\/pladelscatalans.com\/es\/#\/schema\/person\/image\/\"}}]}<\/script>\n<!-- \/ Yoast SEO plugin. -->","yoast_head_json":{"title":"Cal\u00e7otades - Restaurant Masia Pla dels Catalans","description":"Les teves cal\u00e7otades al Restaurant Masia Pla dels Catalans. Les millors cal\u00e7otades del Baix Ebre les trobar\u00e0s a casa nostra.","robots":{"index":"index","follow":"follow","max-snippet":"max-snippet:-1","max-image-preview":"max-image-preview:large","max-video-preview":"max-video-preview:-1"},"canonical":"https:\/\/pladelscatalans.com\/es\/eventos\/sopars-dempresa\/","og_locale":"es_ES","og_type":"article","og_title":"Cal\u00e7otades - Restaurant Masia Pla dels Catalans","og_description":"Les teves cal\u00e7otades al Restaurant Masia Pla dels Catalans. Les millors cal\u00e7otades del Baix Ebre les trobar\u00e0s a casa nostra.","og_url":"https:\/\/pladelscatalans.com\/es\/eventos\/sopars-dempresa\/","og_site_name":"Pla dels Catalans","article_modified_time":"2023-11-13T16:57:00+00:00","og_image":[{"width":1810,"height":2560,"url":"https:\/\/pladelscatalans.com\/wp-content\/uploads\/2023\/11\/empresa1-scaled.jpg","type":"image\/jpeg"}],"twitter_card":"summary_large_image","twitter_misc":{"Tiempo de lectura":"2 minutos"},"schema":{"@context":"https:\/\/schema.org","@graph":[{"@type":"WebPage","@id":"https:\/\/pladelscatalans.com\/es\/eventos\/sopars-dempresa\/","url":"https:\/\/pladelscatalans.com\/es\/eventos\/sopars-dempresa\/","name":"Cal\u00e7otades - Restaurant Masia Pla dels Catalans","isPartOf":{"@id":"https:\/\/pladelscatalans.com\/es\/#website"},"primaryImageOfPage":{"@id":"https:\/\/pladelscatalans.com\/es\/eventos\/sopars-dempresa\/#primaryimage"},"image":{"@id":"https:\/\/pladelscatalans.com\/es\/eventos\/sopars-dempresa\/#primaryimage"},"thumbnailUrl":"https:\/\/pladelscatalans.com\/wp-content\/uploads\/2024\/09\/soparsempresa20204.png","datePublished":"2023-11-13T16:52:23+00:00","dateModified":"2023-11-13T16:57:00+00:00","description":"Les teves cal\u00e7otades al Restaurant Masia Pla dels Catalans. Les millors cal\u00e7otades del Baix Ebre les trobar\u00e0s a casa nostra.","breadcrumb":{"@id":"https:\/\/pladelscatalans.com\/es\/eventos\/sopars-dempresa\/#breadcrumb"},"inLanguage":"es","potentialAction":[{"@type":"ReadAction","target":["https:\/\/pladelscatalans.com\/es\/eventos\/sopars-dempresa\/"]}]},{"@type":"ImageObject","inLanguage":"es","@id":"https:\/\/pladelscatalans.com\/es\/eventos\/sopars-dempresa\/#primaryimage","url":"https:\/\/pladelscatalans.com\/wp-content\/uploads\/2024\/09\/soparsempresa20204.png","contentUrl":"https:\/\/pladelscatalans.com\/wp-content\/uploads\/2024\/09\/soparsempresa20204.png","width":1080,"height":1350},{"@type":"BreadcrumbList","@id":"https:\/\/pladelscatalans.com\/es\/eventos\/sopars-dempresa\/#breadcrumb","itemListElement":[{"@type":"ListItem","position":1,"name":"Inici","item":"https:\/\/pladelscatalans.com\/es\/"},{"@type":"ListItem","position":2,"name":"Eventos","item":"https:\/\/pladelscatalans.com\/es\/eventos\/"},{"@type":"ListItem","position":3,"name":"Sopars d&#8217;Empresa"}]},{"@type":"WebSite","@id":"https:\/\/pladelscatalans.com\/es\/#website","url":"https:\/\/pladelscatalans.com\/es\/","name":"Pla dels Catalans","description":"Escenari singular per a celebracions singulars. Bodes, banquets, convencions i festes.","publisher":{"@id":"https:\/\/pladelscatalans.com\/es\/#\/schema\/person\/9614a393b04d64415b7cfb071c9e23dd"},"potentialAction":[{"@type":"SearchAction","target":{"@type":"EntryPoint","urlTemplate":"https:\/\/pladelscatalans.com\/es\/?s={search_term_string}"},"query-input":{"@type":"PropertyValueSpecification","valueRequired":true,"valueName":"search_term_string"}}],"inLanguage":"es"},{"@type":["Person","Organization"],"@id":"https:\/\/pladelscatalans.com\/es\/#\/schema\/person\/9614a393b04d64415b7cfb071c9e23dd","name":"Pla dels Catalans","logo":{"@id":"https:\/\/pladelscatalans.com\/es\/#\/schema\/person\/image\/"}}]}},"_links":{"self":[{"href":"https:\/\/pladelscatalans.com\/es\/wp-json\/wp\/v2\/pages\/8152","targetHints":{"allow":["GET"]}}],"collection":[{"href":"https:\/\/pladelscatalans.com\/es\/wp-json\/wp\/v2\/pages"}],"about":[{"href":"https:\/\/pladelscatalans.com\/es\/wp-json\/wp\/v2\/types\/page"}],"author":[{"embeddable":true,"href":"https:\/\/pladelscatalans.com\/es\/wp-json\/wp\/v2\/users\/1"}],"replies":[{"embeddable":true,"href":"https:\/\/pladelscatalans.com\/es\/wp-json\/wp\/v2\/comments?post=8152"}],"version-history":[{"count":2,"href":"https:\/\/pladelscatalans.com\/es\/wp-json\/wp\/v2\/pages\/8152\/revisions"}],"predecessor-version":[{"id":8340,"href":"https:\/\/pladelscatalans.com\/es\/wp-json\/wp\/v2\/pages\/8152\/revisions\/8340"}],"up":[{"embeddable":true,"href":"https:\/\/pladelscatalans.com\/es\/wp-json\/wp\/v2\/pages\/2865"}],"wp:featuredmedia":[{"embeddable":true,"href":"https:\/\/pladelscatalans.com\/es\/wp-json\/wp\/v2\/media\/8436"}],"wp:attachment":[{"href":"https:\/\/pladelscatalans.com\/es\/wp-json\/wp\/v2\/media?parent=8152"}],"curies":[{"name":"wp","href":"https:\/\/api.w.org\/{rel}","templated":true}]}}